{"id":3295,"date":"2017-05-30T11:12:28","date_gmt":"2017-05-30T11:12:28","guid":{"rendered":"http:\/\/tischlereidreyer.de\/?page_id=3295"},"modified":"2017-07-13T09:23:09","modified_gmt":"2017-07-13T09:23:09","slug":"wir-ueber-uns-2","status":"publish","type":"page","link":"https:\/\/tischlereidreyer.de\/?page_id=3295","title":{"rendered":"Leistungen"},"content":{"rendered":"<div id='layer_slider_1'  class='avia-layerslider main_color avia-shadow  avia-builder-el-0  el_before_av_one_full  avia-builder-el-first  container_wrap sidebar_right'  style='height: 471px; max-width: 1140px; margin: 0 auto;'  ><\/div><div id='after_layer_slider_1'  class='main_color av_default_container_wrap container_wrap sidebar_right'  ><div class='container av-section-cont-open' ><div class='template-page content  av-content-small alpha units'><div class='post-entry post-entry-type-page post-entry-3295'><div class='entry-content-wrapper clearfix'>\n\n<style type=\"text\/css\" data-created_by=\"avia_inline_auto\" id=\"style-css-av-av_one_full-6126cab7d8fab8d08143dd2dacdf673c\">\n.flex_column.av-av_one_full-6126cab7d8fab8d08143dd2dacdf673c{\nborder-radius:0px 0px 0px 0px;\n-webkit-border-radius:0px 0px 0px 0px;\n-moz-border-radius:0px 0px 0px 0px;\n}\n<\/style>\n<div class='flex_column av-av_one_full-6126cab7d8fab8d08143dd2dacdf673c av_one_full  avia-builder-el-1  el_after_av_layerslider  el_before_av_textblock  avia-builder-el-first  first flex_column_div av-zero-column-padding '   ><section  class='av_textblock_section av-av_textblock-396ddf1f42196ca838231e61a4602801'  itemscope=\"itemscope\" itemtype=\"https:\/\/schema.org\/CreativeWork\" ><div class='avia_textblock'  itemprop=\"text\" ><h1>Leistungen<\/h1>\n<\/div><\/section><\/div>\n<section  class='av_textblock_section av-av_textblock-396ddf1f42196ca838231e61a4602801'  itemscope=\"itemscope\" itemtype=\"https:\/\/schema.org\/CreativeWork\" ><div class='avia_textblock'  itemprop=\"text\" ><p>Wir bieten unseren Kunden h\u00f6chste Qualit\u00e4t zu vern\u00fcnftigen Preisen.<br \/>\nDabei sind wir in der Lage, verschiedenste Kundenw\u00fcnsche fachgerecht und termingerecht zu erf\u00fcllen.<br \/>\nSie haben individuelle Anfragen? &#8211; kein Problem, wir beraten Sie gerne!<br \/>\nEinfach \u00fcber unseren Kontakt per Email mit uns Verbindung aufnehmen &#8211; wir melden uns dann zeitnah bei Ihnen zur\u00fcck.<\/p>\n<\/div><\/section>\n\n<style type=\"text\/css\" data-created_by=\"avia_inline_auto\" id=\"style-css-av-av_one_third-0be991a34b7df3ba038f43a520b062eb\">\n.flex_column.av-av_one_third-0be991a34b7df3ba038f43a520b062eb{\nborder-radius:3px 3px 3px 3px;\n-webkit-border-radius:3px 3px 3px 3px;\n-moz-border-radius:3px 3px 3px 3px;\n}\n<\/style>\n<div class='flex_column av-av_one_third-0be991a34b7df3ba038f43a520b062eb av_one_third  avia-builder-el-4  el_after_av_textblock  el_before_av_one_third  first flex_column_div av-zero-column-padding column-top-margin'   ><section  class='av_textblock_section av-av_textblock-396ddf1f42196ca838231e61a4602801'  itemscope=\"itemscope\" itemtype=\"https:\/\/schema.org\/CreativeWork\" ><div class='avia_textblock'  itemprop=\"text\" ><h5>Fensterkonfigurator<\/h5>\n<p><a href=\"https:\/\/fensterkonfigurator.rehau.com\/de\/www.tischlereidreyer.de\/requests\" target=\"_blank\" rel=\"noopener noreferrer\"><img loading=\"lazy\" decoding=\"async\" class=\"alignnone size-medium wp-image-3304\" src=\"http:\/\/tischlereidreyer.de\/wp-content\/uploads\/2017\/05\/konfigurator-300x300.jpg\" alt=\"\" width=\"300\" height=\"300\" srcset=\"https:\/\/tischlereidreyer.de\/wp-content\/uploads\/2017\/05\/konfigurator-300x300.jpg 300w, https:\/\/tischlereidreyer.de\/wp-content\/uploads\/2017\/05\/konfigurator-80x80.jpg 80w, https:\/\/tischlereidreyer.de\/wp-content\/uploads\/2017\/05\/konfigurator-36x36.jpg 36w, https:\/\/tischlereidreyer.de\/wp-content\/uploads\/2017\/05\/konfigurator-180x180.jpg 180w, https:\/\/tischlereidreyer.de\/wp-content\/uploads\/2017\/05\/konfigurator.jpg 400w, https:\/\/tischlereidreyer.de\/wp-content\/uploads\/2017\/05\/konfigurator-120x120.jpg 120w\" sizes=\"auto, (max-width: 300px) 100vw, 300px\" \/><\/a><\/p>\n<\/div><\/section><\/div>\n\n<style type=\"text\/css\" data-created_by=\"avia_inline_auto\" id=\"style-css-av-av_one_third-0aa7055fe62c3622faec82866afbaeb2\">\n.flex_column.av-av_one_third-0aa7055fe62c3622faec82866afbaeb2{\nborder-radius:0px 0px 0px 0px;\n-webkit-border-radius:0px 0px 0px 0px;\n-moz-border-radius:0px 0px 0px 0px;\n}\n<\/style>\n<div class='flex_column av-av_one_third-0aa7055fe62c3622faec82866afbaeb2 av_one_third  avia-builder-el-6  el_after_av_one_third  el_before_av_one_third  flex_column_div av-zero-column-padding column-top-margin'   ><section  class='av_textblock_section av-av_textblock-396ddf1f42196ca838231e61a4602801'  itemscope=\"itemscope\" itemtype=\"https:\/\/schema.org\/CreativeWork\" ><div class='avia_textblock'  itemprop=\"text\" ><h5>Haust\u00fcren aus Holz oder Kunststoff<\/h5>\n<p><a href=\"http:\/\/tischlereidreyer.de\/?page_id=3330\"><img loading=\"lazy\" decoding=\"async\" class=\"alignnone size-medium wp-image-3300\" src=\"http:\/\/tischlereidreyer.de\/wp-content\/uploads\/2017\/05\/tueren-300x300.jpg\" alt=\"\" width=\"300\" height=\"300\" srcset=\"https:\/\/tischlereidreyer.de\/wp-content\/uploads\/2017\/05\/tueren-300x300.jpg 300w, https:\/\/tischlereidreyer.de\/wp-content\/uploads\/2017\/05\/tueren-80x80.jpg 80w, https:\/\/tischlereidreyer.de\/wp-content\/uploads\/2017\/05\/tueren-36x36.jpg 36w, https:\/\/tischlereidreyer.de\/wp-content\/uploads\/2017\/05\/tueren-180x180.jpg 180w, https:\/\/tischlereidreyer.de\/wp-content\/uploads\/2017\/05\/tueren.jpg 400w, https:\/\/tischlereidreyer.de\/wp-content\/uploads\/2017\/05\/tueren-120x120.jpg 120w\" sizes=\"auto, (max-width: 300px) 100vw, 300px\" \/><\/a><\/p>\n<\/div><\/section><\/div>\n\n<style type=\"text\/css\" data-created_by=\"avia_inline_auto\" id=\"style-css-av-av_one_third-0aa7055fe62c3622faec82866afbaeb2\">\n.flex_column.av-av_one_third-0aa7055fe62c3622faec82866afbaeb2{\nborder-radius:0px 0px 0px 0px;\n-webkit-border-radius:0px 0px 0px 0px;\n-moz-border-radius:0px 0px 0px 0px;\n}\n<\/style>\n<div class='flex_column av-av_one_third-0aa7055fe62c3622faec82866afbaeb2 av_one_third  avia-builder-el-8  el_after_av_one_third  el_before_av_one_third  flex_column_div av-zero-column-padding column-top-margin'   ><section  class='av_textblock_section av-av_textblock-396ddf1f42196ca838231e61a4602801'  itemscope=\"itemscope\" itemtype=\"https:\/\/schema.org\/CreativeWork\" ><div class='avia_textblock'  itemprop=\"text\" ><h5>Fenster aus Holz oder Kunststoff<\/h5>\n<p><img loading=\"lazy\" decoding=\"async\" class=\"alignnone size-medium wp-image-3305\" src=\"http:\/\/tischlereidreyer.de\/wp-content\/uploads\/2017\/05\/fenster-300x300.jpg\" alt=\"\" width=\"300\" height=\"300\" srcset=\"https:\/\/tischlereidreyer.de\/wp-content\/uploads\/2017\/05\/fenster-300x300.jpg 300w, https:\/\/tischlereidreyer.de\/wp-content\/uploads\/2017\/05\/fenster-80x80.jpg 80w, https:\/\/tischlereidreyer.de\/wp-content\/uploads\/2017\/05\/fenster-36x36.jpg 36w, https:\/\/tischlereidreyer.de\/wp-content\/uploads\/2017\/05\/fenster-180x180.jpg 180w, https:\/\/tischlereidreyer.de\/wp-content\/uploads\/2017\/05\/fenster.jpg 400w, https:\/\/tischlereidreyer.de\/wp-content\/uploads\/2017\/05\/fenster-120x120.jpg 120w\" sizes=\"auto, (max-width: 300px) 100vw, 300px\" \/><\/p>\n<\/div><\/section><\/div>\n\n<style type=\"text\/css\" data-created_by=\"avia_inline_auto\" id=\"style-css-av-av_one_third-6126cab7d8fab8d08143dd2dacdf673c\">\n.flex_column.av-av_one_third-6126cab7d8fab8d08143dd2dacdf673c{\nborder-radius:0px 0px 0px 0px;\n-webkit-border-radius:0px 0px 0px 0px;\n-moz-border-radius:0px 0px 0px 0px;\n}\n<\/style>\n<div class='flex_column av-av_one_third-6126cab7d8fab8d08143dd2dacdf673c av_one_third  avia-builder-el-10  el_after_av_one_third  el_before_av_one_third  first flex_column_div av-zero-column-padding column-top-margin'   ><section  class='av_textblock_section av-av_textblock-396ddf1f42196ca838231e61a4602801'  itemscope=\"itemscope\" itemtype=\"https:\/\/schema.org\/CreativeWork\" ><div class='avia_textblock'  itemprop=\"text\" ><h5>Zimmert\u00fcren<\/h5>\n<p><img loading=\"lazy\" decoding=\"async\" class=\"alignnone size-full wp-image-3469\" src=\"http:\/\/tischlereidreyer.de\/wp-content\/uploads\/2017\/05\/zimmertueren.jpg\" alt=\"\" width=\"300\" height=\"300\" srcset=\"https:\/\/tischlereidreyer.de\/wp-content\/uploads\/2017\/05\/zimmertueren.jpg 300w, https:\/\/tischlereidreyer.de\/wp-content\/uploads\/2017\/05\/zimmertueren-80x80.jpg 80w, https:\/\/tischlereidreyer.de\/wp-content\/uploads\/2017\/05\/zimmertueren-36x36.jpg 36w, https:\/\/tischlereidreyer.de\/wp-content\/uploads\/2017\/05\/zimmertueren-180x180.jpg 180w, https:\/\/tischlereidreyer.de\/wp-content\/uploads\/2017\/05\/zimmertueren-120x120.jpg 120w\" sizes=\"auto, (max-width: 300px) 100vw, 300px\" \/><\/p>\n<h4><\/h4>\n<h4><\/h4>\n<\/div><\/section><\/div>\n\n<style type=\"text\/css\" data-created_by=\"avia_inline_auto\" id=\"style-css-av-av_one_third-0aa7055fe62c3622faec82866afbaeb2\">\n.flex_column.av-av_one_third-0aa7055fe62c3622faec82866afbaeb2{\nborder-radius:0px 0px 0px 0px;\n-webkit-border-radius:0px 0px 0px 0px;\n-moz-border-radius:0px 0px 0px 0px;\n}\n<\/style>\n<div class='flex_column av-av_one_third-0aa7055fe62c3622faec82866afbaeb2 av_one_third  avia-builder-el-12  el_after_av_one_third  el_before_av_one_third  flex_column_div av-zero-column-padding column-top-margin'   ><section  class='av_textblock_section av-av_textblock-396ddf1f42196ca838231e61a4602801'  itemscope=\"itemscope\" itemtype=\"https:\/\/schema.org\/CreativeWork\" ><div class='avia_textblock'  itemprop=\"text\" ><h5>Innenausbauten<\/h5>\n<p><a href=\"http:\/\/tischlereidreyer.de\/?page_id=3465\"><img loading=\"lazy\" decoding=\"async\" class=\"alignnone size-medium wp-image-3472\" src=\"http:\/\/tischlereidreyer.de\/wp-content\/uploads\/2017\/05\/innenausbau_neu-300x300.jpg\" alt=\"\" width=\"300\" height=\"300\" srcset=\"https:\/\/tischlereidreyer.de\/wp-content\/uploads\/2017\/05\/innenausbau_neu-300x300.jpg 300w, https:\/\/tischlereidreyer.de\/wp-content\/uploads\/2017\/05\/innenausbau_neu-80x80.jpg 80w, https:\/\/tischlereidreyer.de\/wp-content\/uploads\/2017\/05\/innenausbau_neu.jpg 768w, https:\/\/tischlereidreyer.de\/wp-content\/uploads\/2017\/05\/innenausbau_neu-36x36.jpg 36w, https:\/\/tischlereidreyer.de\/wp-content\/uploads\/2017\/05\/innenausbau_neu-180x180.jpg 180w, https:\/\/tischlereidreyer.de\/wp-content\/uploads\/2017\/05\/innenausbau_neu-705x705.jpg 705w, https:\/\/tischlereidreyer.de\/wp-content\/uploads\/2017\/05\/innenausbau_neu-120x120.jpg 120w, https:\/\/tischlereidreyer.de\/wp-content\/uploads\/2017\/05\/innenausbau_neu-450x450.jpg 450w\" sizes=\"auto, (max-width: 300px) 100vw, 300px\" \/><\/a><\/p>\n<h4><\/h4>\n<h4><\/h4>\n<\/div><\/section><\/div>\n\n<style type=\"text\/css\" data-created_by=\"avia_inline_auto\" id=\"style-css-av-av_one_third-0aa7055fe62c3622faec82866afbaeb2\">\n.flex_column.av-av_one_third-0aa7055fe62c3622faec82866afbaeb2{\nborder-radius:0px 0px 0px 0px;\n-webkit-border-radius:0px 0px 0px 0px;\n-moz-border-radius:0px 0px 0px 0px;\n}\n<\/style>\n<div class='flex_column av-av_one_third-0aa7055fe62c3622faec82866afbaeb2 av_one_third  avia-builder-el-14  el_after_av_one_third  el_before_av_one_third  flex_column_div av-zero-column-padding column-top-margin'   ><section  class='av_textblock_section av-av_textblock-396ddf1f42196ca838231e61a4602801'  itemscope=\"itemscope\" itemtype=\"https:\/\/schema.org\/CreativeWork\" ><div class='avia_textblock'  itemprop=\"text\" ><h5>Laminat und Parkettb\u00f6den<\/h5>\n<p><img loading=\"lazy\" decoding=\"async\" class=\"alignnone size-medium wp-image-3309\" src=\"http:\/\/tischlereidreyer.de\/wp-content\/uploads\/2017\/05\/parkett-300x300.jpg\" alt=\"\" width=\"300\" height=\"300\" srcset=\"https:\/\/tischlereidreyer.de\/wp-content\/uploads\/2017\/05\/parkett-300x300.jpg 300w, https:\/\/tischlereidreyer.de\/wp-content\/uploads\/2017\/05\/parkett-80x80.jpg 80w, https:\/\/tischlereidreyer.de\/wp-content\/uploads\/2017\/05\/parkett-36x36.jpg 36w, https:\/\/tischlereidreyer.de\/wp-content\/uploads\/2017\/05\/parkett-180x180.jpg 180w, https:\/\/tischlereidreyer.de\/wp-content\/uploads\/2017\/05\/parkett.jpg 400w, https:\/\/tischlereidreyer.de\/wp-content\/uploads\/2017\/05\/parkett-120x120.jpg 120w\" sizes=\"auto, (max-width: 300px) 100vw, 300px\" \/><\/p>\n<\/div><\/section><\/div>\n\n<style type=\"text\/css\" data-created_by=\"avia_inline_auto\" id=\"style-css-av-av_one_third-6126cab7d8fab8d08143dd2dacdf673c\">\n.flex_column.av-av_one_third-6126cab7d8fab8d08143dd2dacdf673c{\nborder-radius:0px 0px 0px 0px;\n-webkit-border-radius:0px 0px 0px 0px;\n-moz-border-radius:0px 0px 0px 0px;\n}\n<\/style>\n<div class='flex_column av-av_one_third-6126cab7d8fab8d08143dd2dacdf673c av_one_third  avia-builder-el-16  el_after_av_one_third  el_before_av_one_third  first flex_column_div av-zero-column-padding column-top-margin'   ><section  class='av_textblock_section av-av_textblock-396ddf1f42196ca838231e61a4602801'  itemscope=\"itemscope\" itemtype=\"https:\/\/schema.org\/CreativeWork\" ><div class='avia_textblock'  itemprop=\"text\" ><h5>Sanierung von Treppen<\/h5>\n<p><img loading=\"lazy\" decoding=\"async\" class=\"alignnone size-medium wp-image-3310\" src=\"http:\/\/tischlereidreyer.de\/wp-content\/uploads\/2017\/05\/treppen-300x300.jpg\" alt=\"\" width=\"300\" height=\"300\" srcset=\"https:\/\/tischlereidreyer.de\/wp-content\/uploads\/2017\/05\/treppen-300x300.jpg 300w, https:\/\/tischlereidreyer.de\/wp-content\/uploads\/2017\/05\/treppen-80x80.jpg 80w, https:\/\/tischlereidreyer.de\/wp-content\/uploads\/2017\/05\/treppen-36x36.jpg 36w, https:\/\/tischlereidreyer.de\/wp-content\/uploads\/2017\/05\/treppen-180x180.jpg 180w, https:\/\/tischlereidreyer.de\/wp-content\/uploads\/2017\/05\/treppen.jpg 400w, https:\/\/tischlereidreyer.de\/wp-content\/uploads\/2017\/05\/treppen-120x120.jpg 120w\" sizes=\"auto, (max-width: 300px) 100vw, 300px\" \/><\/p>\n<\/div><\/section><\/div>\n\n<style type=\"text\/css\" data-created_by=\"avia_inline_auto\" id=\"style-css-av-av_one_third-0aa7055fe62c3622faec82866afbaeb2\">\n.flex_column.av-av_one_third-0aa7055fe62c3622faec82866afbaeb2{\nborder-radius:0px 0px 0px 0px;\n-webkit-border-radius:0px 0px 0px 0px;\n-moz-border-radius:0px 0px 0px 0px;\n}\n<\/style>\n<div class='flex_column av-av_one_third-0aa7055fe62c3622faec82866afbaeb2 av_one_third  avia-builder-el-18  el_after_av_one_third  el_before_av_one_third  flex_column_div av-zero-column-padding column-top-margin'   ><section  class='av_textblock_section av-av_textblock-396ddf1f42196ca838231e61a4602801'  itemscope=\"itemscope\" itemtype=\"https:\/\/schema.org\/CreativeWork\" ><div class='avia_textblock'  itemprop=\"text\" ><h5>Rolll\u00e4den und Markisen<\/h5>\n<p><img loading=\"lazy\" decoding=\"async\" class=\"alignnone size-medium wp-image-3311\" src=\"http:\/\/tischlereidreyer.de\/wp-content\/uploads\/2017\/05\/rolladen-300x300.jpg\" alt=\"\" width=\"300\" height=\"300\" srcset=\"https:\/\/tischlereidreyer.de\/wp-content\/uploads\/2017\/05\/rolladen-300x300.jpg 300w, https:\/\/tischlereidreyer.de\/wp-content\/uploads\/2017\/05\/rolladen-80x80.jpg 80w, https:\/\/tischlereidreyer.de\/wp-content\/uploads\/2017\/05\/rolladen-36x36.jpg 36w, https:\/\/tischlereidreyer.de\/wp-content\/uploads\/2017\/05\/rolladen-180x180.jpg 180w, https:\/\/tischlereidreyer.de\/wp-content\/uploads\/2017\/05\/rolladen.jpg 400w, https:\/\/tischlereidreyer.de\/wp-content\/uploads\/2017\/05\/rolladen-120x120.jpg 120w\" sizes=\"auto, (max-width: 300px) 100vw, 300px\" \/><\/p>\n<\/div><\/section><\/div>\n\n<style type=\"text\/css\" data-created_by=\"avia_inline_auto\" id=\"style-css-av-av_one_third-0aa7055fe62c3622faec82866afbaeb2\">\n.flex_column.av-av_one_third-0aa7055fe62c3622faec82866afbaeb2{\nborder-radius:0px 0px 0px 0px;\n-webkit-border-radius:0px 0px 0px 0px;\n-moz-border-radius:0px 0px 0px 0px;\n}\n<\/style>\n<div class='flex_column av-av_one_third-0aa7055fe62c3622faec82866afbaeb2 av_one_third  avia-builder-el-20  el_after_av_one_third  el_before_av_one_third  flex_column_div av-zero-column-padding column-top-margin'   ><section  class='av_textblock_section av-av_textblock-396ddf1f42196ca838231e61a4602801'  itemscope=\"itemscope\" itemtype=\"https:\/\/schema.org\/CreativeWork\" ><div class='avia_textblock'  itemprop=\"text\" ><h5>Winterg\u00e4rten<\/h5>\n<p><a href=\"http:\/\/tischlereidreyer.de\/?page_id=3482\"><img loading=\"lazy\" decoding=\"async\" class=\"alignnone size-medium wp-image-3312\" src=\"http:\/\/tischlereidreyer.de\/wp-content\/uploads\/2017\/05\/wintergarten-300x300.jpg\" alt=\"\" width=\"300\" height=\"300\" srcset=\"https:\/\/tischlereidreyer.de\/wp-content\/uploads\/2017\/05\/wintergarten-300x300.jpg 300w, https:\/\/tischlereidreyer.de\/wp-content\/uploads\/2017\/05\/wintergarten-80x80.jpg 80w, https:\/\/tischlereidreyer.de\/wp-content\/uploads\/2017\/05\/wintergarten-36x36.jpg 36w, https:\/\/tischlereidreyer.de\/wp-content\/uploads\/2017\/05\/wintergarten-180x180.jpg 180w, https:\/\/tischlereidreyer.de\/wp-content\/uploads\/2017\/05\/wintergarten.jpg 400w, https:\/\/tischlereidreyer.de\/wp-content\/uploads\/2017\/05\/wintergarten-120x120.jpg 120w\" sizes=\"auto, (max-width: 300px) 100vw, 300px\" \/><\/a><\/p>\n<\/div><\/section><\/div>\n\n<style type=\"text\/css\" data-created_by=\"avia_inline_auto\" id=\"style-css-av-av_one_third-6126cab7d8fab8d08143dd2dacdf673c\">\n.flex_column.av-av_one_third-6126cab7d8fab8d08143dd2dacdf673c{\nborder-radius:0px 0px 0px 0px;\n-webkit-border-radius:0px 0px 0px 0px;\n-moz-border-radius:0px 0px 0px 0px;\n}\n<\/style>\n<div class='flex_column av-av_one_third-6126cab7d8fab8d08143dd2dacdf673c av_one_third  avia-builder-el-22  el_after_av_one_third  el_before_av_one_third  first flex_column_div av-zero-column-padding column-top-margin'   ><section  class='av_textblock_section av-av_textblock-396ddf1f42196ca838231e61a4602801'  itemscope=\"itemscope\" itemtype=\"https:\/\/schema.org\/CreativeWork\" ><div class='avia_textblock'  itemprop=\"text\" ><h5>Terrassen\u00fcberdachungen<\/h5>\n<p><a href=\"http:\/\/tischlereidreyer.de\/?page_id=3485\"><img loading=\"lazy\" decoding=\"async\" class=\"alignnone size-medium wp-image-3313\" src=\"http:\/\/tischlereidreyer.de\/wp-content\/uploads\/2017\/05\/kaltdaecher-300x300.jpg\" alt=\"\" width=\"300\" height=\"300\" srcset=\"https:\/\/tischlereidreyer.de\/wp-content\/uploads\/2017\/05\/kaltdaecher-300x300.jpg 300w, https:\/\/tischlereidreyer.de\/wp-content\/uploads\/2017\/05\/kaltdaecher-80x80.jpg 80w, https:\/\/tischlereidreyer.de\/wp-content\/uploads\/2017\/05\/kaltdaecher-36x36.jpg 36w, https:\/\/tischlereidreyer.de\/wp-content\/uploads\/2017\/05\/kaltdaecher-180x180.jpg 180w, https:\/\/tischlereidreyer.de\/wp-content\/uploads\/2017\/05\/kaltdaecher.jpg 400w, https:\/\/tischlereidreyer.de\/wp-content\/uploads\/2017\/05\/kaltdaecher-120x120.jpg 120w\" sizes=\"auto, (max-width: 300px) 100vw, 300px\" \/><\/a><\/p>\n<\/div><\/section><\/div>\n\n<style type=\"text\/css\" data-created_by=\"avia_inline_auto\" id=\"style-css-av-av_one_third-0aa7055fe62c3622faec82866afbaeb2\">\n.flex_column.av-av_one_third-0aa7055fe62c3622faec82866afbaeb2{\nborder-radius:0px 0px 0px 0px;\n-webkit-border-radius:0px 0px 0px 0px;\n-moz-border-radius:0px 0px 0px 0px;\n}\n<\/style>\n<div class='flex_column av-av_one_third-0aa7055fe62c3622faec82866afbaeb2 av_one_third  avia-builder-el-24  el_after_av_one_third  el_before_av_one_third  flex_column_div av-zero-column-padding column-top-margin'   ><section  class='av_textblock_section av-av_textblock-396ddf1f42196ca838231e61a4602801'  itemscope=\"itemscope\" itemtype=\"https:\/\/schema.org\/CreativeWork\" ><div class='avia_textblock'  itemprop=\"text\" ><h5>Insektenschutz<\/h5>\n<p><a href=\"http:\/\/tischlereidreyer.de\/?page_id=3491\"><img loading=\"lazy\" decoding=\"async\" class=\"alignnone size-medium wp-image-3314\" src=\"http:\/\/tischlereidreyer.de\/wp-content\/uploads\/2017\/05\/insekten-300x300.jpg\" alt=\"\" width=\"300\" height=\"300\" srcset=\"https:\/\/tischlereidreyer.de\/wp-content\/uploads\/2017\/05\/insekten-300x300.jpg 300w, https:\/\/tischlereidreyer.de\/wp-content\/uploads\/2017\/05\/insekten-80x80.jpg 80w, https:\/\/tischlereidreyer.de\/wp-content\/uploads\/2017\/05\/insekten-36x36.jpg 36w, https:\/\/tischlereidreyer.de\/wp-content\/uploads\/2017\/05\/insekten-180x180.jpg 180w, https:\/\/tischlereidreyer.de\/wp-content\/uploads\/2017\/05\/insekten.jpg 400w, https:\/\/tischlereidreyer.de\/wp-content\/uploads\/2017\/05\/insekten-120x120.jpg 120w\" sizes=\"auto, (max-width: 300px) 100vw, 300px\" \/><\/a><\/p>\n<\/div><\/section><\/div>\n\n<style type=\"text\/css\" data-created_by=\"avia_inline_auto\" id=\"style-css-av-av_one_third-0aa7055fe62c3622faec82866afbaeb2\">\n.flex_column.av-av_one_third-0aa7055fe62c3622faec82866afbaeb2{\nborder-radius:0px 0px 0px 0px;\n-webkit-border-radius:0px 0px 0px 0px;\n-moz-border-radius:0px 0px 0px 0px;\n}\n<\/style>\n<div class='flex_column av-av_one_third-0aa7055fe62c3622faec82866afbaeb2 av_one_third  avia-builder-el-26  el_after_av_one_third  el_before_av_one_third  flex_column_div av-zero-column-padding column-top-margin'   ><section  class='av_textblock_section av-av_textblock-396ddf1f42196ca838231e61a4602801'  itemscope=\"itemscope\" itemtype=\"https:\/\/schema.org\/CreativeWork\" ><div class='avia_textblock'  itemprop=\"text\" ><h5>Carports<\/h5>\n<p><a href=\"http:\/\/tischlereidreyer.de\/?page_id=3487\"><img loading=\"lazy\" decoding=\"async\" class=\"alignnone size-medium wp-image-3315\" src=\"http:\/\/tischlereidreyer.de\/wp-content\/uploads\/2017\/05\/carports-300x300.jpg\" alt=\"\" width=\"300\" height=\"300\" srcset=\"https:\/\/tischlereidreyer.de\/wp-content\/uploads\/2017\/05\/carports-300x300.jpg 300w, https:\/\/tischlereidreyer.de\/wp-content\/uploads\/2017\/05\/carports-80x80.jpg 80w, https:\/\/tischlereidreyer.de\/wp-content\/uploads\/2017\/05\/carports-36x36.jpg 36w, https:\/\/tischlereidreyer.de\/wp-content\/uploads\/2017\/05\/carports-180x180.jpg 180w, https:\/\/tischlereidreyer.de\/wp-content\/uploads\/2017\/05\/carports.jpg 400w, https:\/\/tischlereidreyer.de\/wp-content\/uploads\/2017\/05\/carports-120x120.jpg 120w\" sizes=\"auto, (max-width: 300px) 100vw, 300px\" \/><\/a><\/p>\n<\/div><\/section><\/div>\n\n<style type=\"text\/css\" data-created_by=\"avia_inline_auto\" id=\"style-css-av-av_one_third-6126cab7d8fab8d08143dd2dacdf673c\">\n.flex_column.av-av_one_third-6126cab7d8fab8d08143dd2dacdf673c{\nborder-radius:0px 0px 0px 0px;\n-webkit-border-radius:0px 0px 0px 0px;\n-moz-border-radius:0px 0px 0px 0px;\n}\n<\/style>\n<div class='flex_column av-av_one_third-6126cab7d8fab8d08143dd2dacdf673c av_one_third  avia-builder-el-28  el_after_av_one_third  el_before_av_one_third  first flex_column_div av-zero-column-padding column-top-margin'   ><section  class='av_textblock_section av-av_textblock-396ddf1f42196ca838231e61a4602801'  itemscope=\"itemscope\" itemtype=\"https:\/\/schema.org\/CreativeWork\" ><div class='avia_textblock'  itemprop=\"text\" ><h5>Garagentore &amp; Antriebe<\/h5>\n<p><a href=\"http:\/\/tischlereidreyer.de\/?page_id=3513\"><img loading=\"lazy\" decoding=\"async\" class=\"alignnone size-full wp-image-3470\" src=\"http:\/\/tischlereidreyer.de\/wp-content\/uploads\/2017\/05\/garagentore.jpg\" alt=\"\" width=\"300\" height=\"300\" srcset=\"https:\/\/tischlereidreyer.de\/wp-content\/uploads\/2017\/05\/garagentore.jpg 300w, https:\/\/tischlereidreyer.de\/wp-content\/uploads\/2017\/05\/garagentore-80x80.jpg 80w, https:\/\/tischlereidreyer.de\/wp-content\/uploads\/2017\/05\/garagentore-36x36.jpg 36w, https:\/\/tischlereidreyer.de\/wp-content\/uploads\/2017\/05\/garagentore-180x180.jpg 180w, https:\/\/tischlereidreyer.de\/wp-content\/uploads\/2017\/05\/garagentore-120x120.jpg 120w\" sizes=\"auto, (max-width: 300px) 100vw, 300px\" \/><\/a><\/p>\n<\/div><\/section><\/div>\n<style type=\"text\/css\" data-created_by=\"avia_inline_auto\" id=\"style-css-av-av_one_third-0aa7055fe62c3622faec82866afbaeb2\">\n.flex_column.av-av_one_third-0aa7055fe62c3622faec82866afbaeb2{\nborder-radius:0px 0px 0px 0px;\n-webkit-border-radius:0px 0px 0px 0px;\n-moz-border-radius:0px 0px 0px 0px;\n}\n<\/style>\n<div class='flex_column av-av_one_third-0aa7055fe62c3622faec82866afbaeb2 av_one_third  avia-builder-el-30  el_after_av_one_third  avia-builder-el-last  flex_column_div av-zero-column-padding column-top-margin'   ><section  class='av_textblock_section av-av_textblock-396ddf1f42196ca838231e61a4602801'  itemscope=\"itemscope\" itemtype=\"https:\/\/schema.org\/CreativeWork\" ><div class='avia_textblock'  itemprop=\"text\" ><h5>Reparaturen &amp; Restauration<\/h5>\n<p><img loading=\"lazy\" decoding=\"async\" class=\"alignnone size-medium wp-image-3316\" src=\"http:\/\/tischlereidreyer.de\/wp-content\/uploads\/2017\/05\/reparaturen-300x300.jpg\" alt=\"\" width=\"300\" height=\"300\" \/><\/p>\n<\/div><\/section><\/div><\/p>\n","protected":false},"excerpt":{"rendered":"","protected":false},"author":1,"featured_media":0,"parent":0,"menu_order":0,"comment_status":"closed","ping_status":"closed","template":"","meta":{"footnotes":""},"class_list":["post-3295","page","type-page","status-publish","hentry"],"_links":{"self":[{"href":"https:\/\/tischlereidreyer.de\/index.php?rest_route=\/wp\/v2\/pages\/3295","targetHints":{"allow":["GET"]}}],"collection":[{"href":"https:\/\/tischlereidreyer.de\/index.php?rest_route=\/wp\/v2\/pages"}],"about":[{"href":"https:\/\/tischlereidreyer.de\/index.php?rest_route=\/wp\/v2\/types\/page"}],"author":[{"embeddable":true,"href":"https:\/\/tischlereidreyer.de\/index.php?rest_route=\/wp\/v2\/users\/1"}],"replies":[{"embeddable":true,"href":"https:\/\/tischlereidreyer.de\/index.php?rest_route=%2Fwp%2Fv2%2Fcomments&post=3295"}],"version-history":[{"count":24,"href":"https:\/\/tischlereidreyer.de\/index.php?rest_route=\/wp\/v2\/pages\/3295\/revisions"}],"predecessor-version":[{"id":3517,"href":"https:\/\/tischlereidreyer.de\/index.php?rest_route=\/wp\/v2\/pages\/3295\/revisions\/3517"}],"wp:attachment":[{"href":"https:\/\/tischlereidreyer.de\/index.php?rest_route=%2Fwp%2Fv2%2Fmedia&parent=3295"}],"curies":[{"name":"wp","href":"https:\/\/api.w.org\/{rel}","templated":true}]}}